{"id":29,"date":"2025-03-12T10:58:57","date_gmt":"2025-03-12T10:58:57","guid":{"rendered":"https:\/\/multimattermeeting.pl\/?page_id=29"},"modified":"2026-03-08T19:20:24","modified_gmt":"2026-03-08T18:20:24","slug":"strona-glowna","status":"publish","type":"page","link":"https:\/\/multimattermeeting.pl\/?page_id=29","title":{"rendered":"O nas"},"content":{"rendered":"\n<p><\/p>\n\n\n\n<p>Jeste\u015bmy klas\u0105 IIG oraz IVG z Liceum Og\u00f3lnokszta\u0142c\u0105cego \u015bw. Marii Magdaleny w Poznaniu.<\/p>\n\n\n\n<p>Kontynuujemy projekt MultiMatterMeeting, kt\u00f3ry zadebiutowa\u0142 6 i 7 marca 2024. Zaskarbi\u0142 sobie wielki entuzjazm uczni\u00f3w i nauczycieli, w zwi\u0105zku z czym postanowili\u015bmy ponownie wej\u015b\u0107 na scen\u0119!<\/p>\n\n\n\n<p>Zesp\u00f3\u0142 organizuj\u0105cy III edycj\u0119 konferencji tworz\u0105:<\/p>\n\n\n\n<p>Antoni Mielcarek- pomys\u0142odawca, kierownik projektu <\/p>\n\n\n\n<p>Hubert Tybuszewski- koordynator projektu ds. administracji <\/p>\n\n\n\n<p>Ewa Bartosiewicz- koordynator projektu ds. administracji <\/p>\n\n\n\n<p>Pola Dzierzgowska- koordynator projektu ds. promocji <\/p>\n\n\n\n<p>Klara Maciak- koordynator projektu ds. medi\u00f3w <\/p>\n\n\n\n<p>Marta Fludra- koordynator projektu ds. medi\u00f3w <\/p>\n\n\n\n<p>Julia Pakulska- koordynator projektu ds. komunikacji <\/p>\n\n\n\n<p>Hanna Maciejewska- koordynator projektu ds. komunikacji <\/p>\n\n\n\n<p>Julia Wojciechowska- koordynator projektu ds. logistyki <\/p>\n\n\n\n<p>Szymon Jaskulski- koordynator projektu ds. IT<\/p>\n\n\n\n<p><\/p>\n\n\n\n<figure class=\"wp-block-image size-large\"><img loading=\"lazy\" decoding=\"async\" width=\"1024\" height=\"683\" src=\"https:\/\/multimattermeeting.pl\/wp-content\/uploads\/2026\/03\/5FGWctns-1024x683.jpg\" alt=\"\" class=\"wp-image-291\" srcset=\"https:\/\/multimattermeeting.pl\/wp-content\/uploads\/2026\/03\/5FGWctns-1024x683.jpg 1024w, https:\/\/multimattermeeting.pl\/wp-content\/uploads\/2026\/03\/5FGWctns-300x200.jpg 300w, https:\/\/multimattermeeting.pl\/wp-content\/uploads\/2026\/03\/5FGWctns-768x512.jpg 768w, https:\/\/multimattermeeting.pl\/wp-content\/uploads\/2026\/03\/5FGWctns-1536x1024.jpg 1536w, https:\/\/multimattermeeting.pl\/wp-content\/uploads\/2026\/03\/5FGWctns.jpg 2048w\" sizes=\"auto, (max-width: 767px) 89vw, (max-width: 1000px) 54vw, (max-width: 1071px) 543px, 580px\" \/><figcaption class=\"wp-element-caption\">Klasa IIIG po drugiej edycji<\/figcaption><\/figure>\n\n\n\n<figure class=\"wp-block-image size-large\"><img loading=\"lazy\" decoding=\"async\" width=\"1024\" height=\"729\" src=\"https:\/\/multimattermeeting.pl\/wp-content\/uploads\/2025\/03\/cropped-att.5HeJyqeeIJn_kLmgoMJWNdQTVXosH5jPhQ_hYIObDAQ-e1741813180685-1024x729.jpeg\" alt=\"\" class=\"wp-image-59\" srcset=\"https:\/\/multimattermeeting.pl\/wp-content\/uploads\/2025\/03\/cropped-att.5HeJyqeeIJn_kLmgoMJWNdQTVXosH5jPhQ_hYIObDAQ-e1741813180685-1024x729.jpeg 1024w, https:\/\/multimattermeeting.pl\/wp-content\/uploads\/2025\/03\/cropped-att.5HeJyqeeIJn_kLmgoMJWNdQTVXosH5jPhQ_hYIObDAQ-e1741813180685-300x214.jpeg 300w, https:\/\/multimattermeeting.pl\/wp-content\/uploads\/2025\/03\/cropped-att.5HeJyqeeIJn_kLmgoMJWNdQTVXosH5jPhQ_hYIObDAQ-e1741813180685-768x547.jpeg 768w, https:\/\/multimattermeeting.pl\/wp-content\/uploads\/2025\/03\/cropped-att.5HeJyqeeIJn_kLmgoMJWNdQTVXosH5jPhQ_hYIObDAQ-e1741813180685-1536x1094.jpeg 1536w, https:\/\/multimattermeeting.pl\/wp-content\/uploads\/2025\/03\/cropped-att.5HeJyqeeIJn_kLmgoMJWNdQTVXosH5jPhQ_hYIObDAQ-e1741813180685.jpeg 1573w\" sizes=\"auto, (max-width: 767px) 89vw, (max-width: 1000px) 54vw, (max-width: 1071px) 543px, 580px\" \/><figcaption class=\"wp-element-caption\"> Nasza dru\u017cyna z 2024 roku!<\/figcaption><\/figure>\n\n\n\n<p><\/p>\n","protected":false},"excerpt":{"rendered":"<p>Jeste\u015bmy klas\u0105 IIG oraz IVG z Liceum Og\u00f3lnokszta\u0142c\u0105cego \u015bw. Marii Magdaleny w Poznaniu. Kontynuujemy projekt MultiMatterMeeting, kt\u00f3ry zadebiutowa\u0142 6 i 7 marca 2024. Zaskarbi\u0142 sobie wielki entuzjazm uczni\u00f3w i nauczycieli, w zwi\u0105zku z czym postanowili\u015bmy ponownie wej\u015b\u0107 na scen\u0119! Zesp\u00f3\u0142 organizuj\u0105cy III edycj\u0119 konferencji tworz\u0105: Antoni Mielcarek- pomys\u0142odawca, kierownik projektu Hubert Tybuszewski- koordynator projektu ds. &hellip; <\/p>\n<p class=\"link-more\"><a href=\"https:\/\/multimattermeeting.pl\/?page_id=29\" class=\"more-link\">Czytaj dalej<span class=\"screen-reader-text\"> \u201eO nas\u201d<\/span><\/a><\/p>\n","protected":false},"author":1,"featured_media":0,"parent":0,"menu_order":0,"comment_status":"closed","ping_status":"closed","template":"","meta":{"footnotes":""},"class_list":["post-29","page","type-page","status-publish","hentry"],"_links":{"self":[{"href":"https:\/\/multimattermeeting.pl\/index.php?rest_route=\/wp\/v2\/pages\/29","targetHints":{"allow":["GET"]}}],"collection":[{"href":"https:\/\/multimattermeeting.pl\/index.php?rest_route=\/wp\/v2\/pages"}],"about":[{"href":"https:\/\/multimattermeeting.pl\/index.php?rest_route=\/wp\/v2\/types\/page"}],"author":[{"embeddable":true,"href":"https:\/\/multimattermeeting.pl\/index.php?rest_route=\/wp\/v2\/users\/1"}],"replies":[{"embeddable":true,"href":"https:\/\/multimattermeeting.pl\/index.php?rest_route=%2Fwp%2Fv2%2Fcomments&post=29"}],"version-history":[{"count":16,"href":"https:\/\/multimattermeeting.pl\/index.php?rest_route=\/wp\/v2\/pages\/29\/revisions"}],"predecessor-version":[{"id":292,"href":"https:\/\/multimattermeeting.pl\/index.php?rest_route=\/wp\/v2\/pages\/29\/revisions\/292"}],"wp:attachment":[{"href":"https:\/\/multimattermeeting.pl\/index.php?rest_route=%2Fwp%2Fv2%2Fmedia&parent=29"}],"curies":[{"name":"wp","href":"https:\/\/api.w.org\/{rel}","templated":true}]}}