{"id":38,"date":"2025-03-12T11:15:22","date_gmt":"2025-03-12T11:15:22","guid":{"rendered":"https:\/\/multimattermeeting.pl\/?page_id=38"},"modified":"2026-03-10T23:08:32","modified_gmt":"2026-03-10T22:08:32","slug":"prelegenci","status":"publish","type":"page","link":"https:\/\/multimattermeeting.pl\/?page_id=38","title":{"rendered":"Wyk\u0142ady"},"content":{"rendered":"\n<p>Oto przegl\u0105d go\u015bci, kt\u00f3rych b\u0119dzie mo\u017cna spotka\u0107 w strefie wyk\u0142ad\u00f3w:<\/p>\n\n\n\n<div class=\"wp-block-columns is-layout-flex wp-container-core-columns-is-layout-1 wp-block-columns-is-layout-flex\">\n<div class=\"wp-block-column is-layout-flow wp-block-column-is-layout-flow\">\n<p><strong>Hubert Niedzielski<\/strong><\/p>\n\n\n\n<p>PR Manager marki Audi w Polsce. Odpowiedzialny przede wszystkim za koordynacj\u0119 wsp\u00f3\u0142pracy Audi z mediami oraz realizacj\u0119 strategii PR marki w obszarze polityki informacyjnej. Odpowiada\u0142 za dzia\u0142ania public relations tak\u017ce dla innych marek Volkswagen Group Polska: Porsche, Volkswagen czy Skoda. Wcze\u015bniej pracowa\u0142 m.in. jako rzecznik prasowy w klubie sportowym, Warcie Pozna\u0144. Studiowa\u0142 filologi\u0119 polsk\u0105 na Uniwersytecie im. Adama Mickiewicza (specjalizacja dziennikarska i PR), uko\u0144czy\u0142 studia podyplomowe na Wy\u017cszej Szkole Bankowej w Poznaniu (kierunek \u201eInnowacyjne zarz\u0105dzanie mark\u0105\u201d).&nbsp;Jest absolwentem London School of Public Relations i Universit\u00e0 Bocconi (Corporate Sustainability).&nbsp;Entuzjasta public relations, wierz\u0105cy w si\u0142\u0119: s\u0142owa i dobrze zbudowanych strategii komunikacyjnych.<\/p>\n<\/div>\n\n\n\n<div class=\"wp-block-column is-layout-flow wp-block-column-is-layout-flow\">\n<figure class=\"wp-block-image size-full\"><img loading=\"lazy\" decoding=\"async\" width=\"600\" height=\"900\" src=\"https:\/\/multimattermeeting.pl\/wp-content\/uploads\/2026\/03\/Hubert-Niedzielski-93023-detailpp.jpeg\" alt=\"\" class=\"wp-image-294\" srcset=\"https:\/\/multimattermeeting.pl\/wp-content\/uploads\/2026\/03\/Hubert-Niedzielski-93023-detailpp.jpeg 600w, https:\/\/multimattermeeting.pl\/wp-content\/uploads\/2026\/03\/Hubert-Niedzielski-93023-detailpp-200x300.jpeg 200w\" sizes=\"auto, (max-width: 600px) 100vw, 600px\" \/><\/figure>\n<\/div>\n<\/div>\n\n\n\n<div class=\"wp-block-columns is-layout-flex wp-container-core-columns-is-layout-2 wp-block-columns-is-layout-flex\">\n<div class=\"wp-block-column is-layout-flow wp-block-column-is-layout-flow\">\n<p><strong>dr n. med. Eryk Matuszkiewicz<\/strong><\/p>\n\n\n\n<p>Od 2002 r. pracuj\u0119 w zawodzie lekarza, a moim miejscem pracy jest Szpital Miejski im. Fr. Raszei w Poznaniu. Pocz\u0105tkowo, przez 6 lat pracowa\u0142em w Klinice Diabetologii i chor\u00f3b Wewn\u0119trznych, a od 2008 r. do dzi\u015b pracuje w Oddziale Toksykologii.<\/p>\n\n\n\n<p>Zawodowo realizowa\u0142em si\u0119 r\u00f3wnie\u017c w zespo\u0142ach ratownictwa medycznego pracuj\u0105\u0107 w Pa\u0144stwowym Ratownictwie Medycznym do 2024 r.<\/p>\n\n\n\n<p>Posiadam dwie specjalizacje: z chor\u00f3b wewn\u0119trznych i z toksykologii klinicznej.<\/p>\n\n\n\n<p>W 2022 r. otrzyma\u0142em tytu\u0142 doktora nauk medycznych na podstawie pracy: Ostre zatrucia w celach samob\u00f3jczych u kobiet w okresie oko\u0142omenopauzalnym&#8221;.<\/p>\n\n\n\n<p>Na co dzie\u0144 prowadz\u0105 r\u00f3wnie\u017c zaj\u0119cia z toksykologii klinicznej dla student\u00f3w wydzia\u0142u lekarskiego i ratownik\u00f3w medycznych.<\/p>\n\n\n\n<p>Ostatnia moj\u0105 aktywno\u015bci\u0105, od 2023 r. jest funkcj\u0105 konsultanta wojew\u00f3dzkiego z dziedziny toksykologii klinicznej dla wojew\u00f3dztwa lubuskiego.<\/p>\n<\/div>\n\n\n\n<div class=\"wp-block-column is-layout-flow wp-block-column-is-layout-flow\">\n<figure class=\"wp-block-image size-full\"><img loading=\"lazy\" decoding=\"async\" width=\"500\" height=\"744\" src=\"https:\/\/multimattermeeting.pl\/wp-content\/uploads\/2026\/03\/Foto_moje.jpg\" alt=\"\" class=\"wp-image-295\" srcset=\"https:\/\/multimattermeeting.pl\/wp-content\/uploads\/2026\/03\/Foto_moje.jpg 500w, https:\/\/multimattermeeting.pl\/wp-content\/uploads\/2026\/03\/Foto_moje-202x300.jpg 202w\" sizes=\"auto, (max-width: 500px) 100vw, 500px\" \/><\/figure>\n<\/div>\n<\/div>\n\n\n\n<div class=\"wp-block-columns is-layout-flex wp-container-core-columns-is-layout-3 wp-block-columns-is-layout-flex\">\n<div class=\"wp-block-column is-layout-flow wp-block-column-is-layout-flow\">\n<p><strong>dr hab. n. med. Marta Ka\u0142u\u017cna-Oleksy<\/strong><\/p>\n\n\n\n<p>Lekarz, kardiolog interwencyjny i nauczyciel akademicki. Pracuje w Uniwersyteckim Szpitalu Klinicznym w Poznaniu oraz Uniwersytecie Medycznym w Poznaniu. \u0141\u0105czy praktyk\u0119 kliniczn\u0105 z dzia\u0142alno\u015bci\u0105 naukow\u0105.<\/p>\n\n\n\n<p>Aktywnie zaanga\u017cowana w prace polskich i europejskich organizacji naukowych oraz w inicjatywy pacjenckie, wspieraj\u0105ce \u015bwiadom\u0105 i nowoczesn\u0105 opiek\u0119 kardiologiczn\u0105.<\/p>\n\n\n\n<p>Tworzy i rozwija polsk\u0105 edukacj\u0119 medyczn\u0105, buduj\u0105c przestrze\u0144 dialogu mi\u0119dzy nauk\u0105 a codzienn\u0105 praktyk\u0105.<\/p>\n\n\n\n<p>Wsp\u00f3\u0142za\u0142o\u017cycielka Fundacji Prevention&amp;Intervention, promuj\u0105cej \u0142\u0105czenie profilaktyki i interwencji, buduj\u0105c innowacyjne podej\u015bcie w kardiologii.<\/p>\n<\/div>\n\n\n\n<div class=\"wp-block-column is-layout-flow wp-block-column-is-layout-flow\">\n<figure class=\"wp-block-image size-full\"><img loading=\"lazy\" decoding=\"async\" width=\"466\" height=\"546\" src=\"https:\/\/multimattermeeting.pl\/wp-content\/uploads\/2026\/03\/Kaluzna-Oleksy.png\" alt=\"\" class=\"wp-image-296\" srcset=\"https:\/\/multimattermeeting.pl\/wp-content\/uploads\/2026\/03\/Kaluzna-Oleksy.png 466w, https:\/\/multimattermeeting.pl\/wp-content\/uploads\/2026\/03\/Kaluzna-Oleksy-256x300.png 256w\" sizes=\"auto, (max-width: 466px) 100vw, 466px\" \/><\/figure>\n<\/div>\n<\/div>\n\n\n\n<div class=\"wp-block-columns is-layout-flex wp-container-core-columns-is-layout-4 wp-block-columns-is-layout-flex\">\n<div class=\"wp-block-column is-layout-flow wp-block-column-is-layout-flow\">\n<p><strong>dr Krzysztof Patkowski<\/strong><\/p>\n\n\n\n<p>Dziekan Wydzia\u0142u Nauk Stosowanych w Collegium Da Vinci, manager edukacji z wieloletnim<br>do\u015bwiadczeniem, tutor, wyk\u0142adowca akademicki oraz trener.<br>Od kilkunastu lat pracuje na styku edukacji i biznesu kreuj\u0105c we wsp\u00f3\u0142pracy z pracodawcami<br>nowoczesne i praktyczne rozwi\u0105zania edukacyjne pozwalaj\u0105ce studentom, jak najlepiej<br>przygotowa\u0107 si\u0119 do funkcjonowania na stale zmieniaj\u0105cym si\u0119 rynku pracy. Tworzy<br>unikatowe w skali kraju praktyczne kierunki studi\u00f3w \u2013 produkty b\u0119d\u0105ce odpowiedzi\u0105 nie tylko<br>na to, jak zmienia si\u0119 globalna gospodarka i rynek pracy, ale te\u017c zmiany te wyprzedzaj\u0105ce.<br>Autor i wsp\u00f3\u0142autor licznych bada\u0144 i publikacji dotycz\u0105cych edukacji i kompetencji do<br>przysz\u0142o\u015bci m.in. \u201ePrzysz\u0142o\u015b\u0107 edukacji. Scenariusze 2046\u201d, \u201ePolska edukacja w cieniu AI\u201d,<br>czy \u201eAI w edukacji: Mi\u0119dzy zachwytem a namys\u0142em\u201d.<\/p>\n<\/div>\n\n\n\n<div class=\"wp-block-column is-layout-flow wp-block-column-is-layout-flow\">\n<figure class=\"wp-block-image size-full\"><img loading=\"lazy\" decoding=\"async\" width=\"640\" height=\"960\" src=\"https:\/\/multimattermeeting.pl\/wp-content\/uploads\/2026\/03\/KP_foto.jpg\" alt=\"\" class=\"wp-image-297\" srcset=\"https:\/\/multimattermeeting.pl\/wp-content\/uploads\/2026\/03\/KP_foto.jpg 640w, https:\/\/multimattermeeting.pl\/wp-content\/uploads\/2026\/03\/KP_foto-200x300.jpg 200w\" sizes=\"auto, (max-width: 640px) 100vw, 640px\" \/><\/figure>\n<\/div>\n<\/div>\n\n\n\n<div class=\"wp-block-columns is-layout-flex wp-container-core-columns-is-layout-5 wp-block-columns-is-layout-flex\">\n<div class=\"wp-block-column is-layout-flow wp-block-column-is-layout-flow\">\n<p><strong>Daria Kuttene<\/strong><\/p>\n\n\n\n<p>Daria Kuttene \u2013 w\u0142a\u015bcicielka pi\u0119ciu francuskich piekarnio-restauracji Petit Paris w Poznaniu oraz pizzerii MEDUSA. Zarz\u0105dza zespo\u0142em blisko 200 os\u00f3b i rozwija autorskie koncepty gastronomiczne. Specjalizuje si\u0119 w budowaniu silnej marki, strategii oraz efektywnym zarz\u0105dzaniu w bran\u017cy HoReCa.<\/p>\n<\/div>\n\n\n\n<div class=\"wp-block-column is-layout-flow wp-block-column-is-layout-flow\">\n<figure class=\"wp-block-image size-large\"><img loading=\"lazy\" decoding=\"async\" width=\"681\" height=\"1024\" src=\"https:\/\/multimattermeeting.pl\/wp-content\/uploads\/2026\/03\/DariaMMM2026-681x1024.jpg\" alt=\"\" class=\"wp-image-298\" srcset=\"https:\/\/multimattermeeting.pl\/wp-content\/uploads\/2026\/03\/DariaMMM2026-681x1024.jpg 681w, https:\/\/multimattermeeting.pl\/wp-content\/uploads\/2026\/03\/DariaMMM2026-200x300.jpg 200w, https:\/\/multimattermeeting.pl\/wp-content\/uploads\/2026\/03\/DariaMMM2026-768x1154.jpg 768w, https:\/\/multimattermeeting.pl\/wp-content\/uploads\/2026\/03\/DariaMMM2026-1022x1536.jpg 1022w, https:\/\/multimattermeeting.pl\/wp-content\/uploads\/2026\/03\/DariaMMM2026-1363x2048.jpg 1363w, https:\/\/multimattermeeting.pl\/wp-content\/uploads\/2026\/03\/DariaMMM2026-scaled.jpg 1703w\" sizes=\"auto, (max-width: 681px) 100vw, 681px\" \/><\/figure>\n<\/div>\n<\/div>\n\n\n\n<div class=\"wp-block-columns is-layout-flex wp-container-core-columns-is-layout-6 wp-block-columns-is-layout-flex\">\n<div class=\"wp-block-column is-layout-flow wp-block-column-is-layout-flow\">\n<p><strong>Joanna Januszewska<\/strong><\/p>\n\n\n\n<p>Przedsi\u0119biorczyni i w\u0142a\u015bcicielka studia projektowego. Przekonana o u\u017cyteczno\u015bci estetyki w biznesie, wierzy, \u017ce przez dobry design mo\u017cna mie\u0107 wp\u0142yw na \u015bwiat. Sko\u0144czy\u0142a studia in\u017cynierskie, a gdy jej rodzice byli ju\u017c prawie zadowoleni, na przek\u00f3r zacz\u0119\u0142a zarabia\u0107 na sztuce i posz\u0142a na Uniwersytet Artystyczny.<br><\/p>\n<\/div>\n\n\n\n<div class=\"wp-block-column is-layout-flow wp-block-column-is-layout-flow\">\n<figure class=\"wp-block-image size-full\"><img loading=\"lazy\" decoding=\"async\" width=\"621\" height=\"929\" src=\"https:\/\/multimattermeeting.pl\/wp-content\/uploads\/2026\/03\/Zrzut-ekranu-2026-03-08-194738.png\" alt=\"\" class=\"wp-image-299\" srcset=\"https:\/\/multimattermeeting.pl\/wp-content\/uploads\/2026\/03\/Zrzut-ekranu-2026-03-08-194738.png 621w, https:\/\/multimattermeeting.pl\/wp-content\/uploads\/2026\/03\/Zrzut-ekranu-2026-03-08-194738-201x300.png 201w\" sizes=\"auto, (max-width: 621px) 100vw, 621px\" \/><\/figure>\n<\/div>\n<\/div>\n\n\n\n<div class=\"wp-block-columns is-layout-flex wp-container-core-columns-is-layout-7 wp-block-columns-is-layout-flex\">\n<div class=\"wp-block-column is-layout-flow wp-block-column-is-layout-flow\">\n<p><strong>Stanis\u0142aw Wryk<\/strong><\/p>\n\n\n\n<p>Reporter Wydarze\u0144 Telewizji Polsat i Polsat News. Relacjonuje najwa\u017cniejsze wydarzenia z Polski i ze \u015bwiata. Wys\u0142annik Polsatu min. na igrzyska olimpijskie, koronacj\u0119 kr\u00f3la Karola czy zamachy terrorystyczne w Brukseli, Berlinie czy Tunezji. Absolwent Martynki, kapitan reprezentacji Martynki w koszyk\u00f3wce. Mi\u0142o\u015bnik komiks\u00f3w i papierowych gazet <\/p>\n\n\n\n<p>IG stanislaw_wryk <\/p>\n\n\n\n<p>TT @stanislaw.wryk<\/p>\n<\/div>\n\n\n\n<div class=\"wp-block-column is-layout-flow wp-block-column-is-layout-flow\">\n<figure class=\"wp-block-image size-large\"><img loading=\"lazy\" decoding=\"async\" width=\"1547\" height=\"2063\" src=\"https:\/\/multimattermeeting.pl\/wp-content\/uploads\/2026\/03\/779649b4-4905-4faf-ae48-97552ed96323-edited-1.jpg\" alt=\"\" class=\"wp-image-316\" srcset=\"https:\/\/multimattermeeting.pl\/wp-content\/uploads\/2026\/03\/779649b4-4905-4faf-ae48-97552ed96323-edited-1.jpg 1547w, https:\/\/multimattermeeting.pl\/wp-content\/uploads\/2026\/03\/779649b4-4905-4faf-ae48-97552ed96323-edited-1-225x300.jpg 225w, https:\/\/multimattermeeting.pl\/wp-content\/uploads\/2026\/03\/779649b4-4905-4faf-ae48-97552ed96323-edited-1-768x1024.jpg 768w, https:\/\/multimattermeeting.pl\/wp-content\/uploads\/2026\/03\/779649b4-4905-4faf-ae48-97552ed96323-edited-1-1152x1536.jpg 1152w, https:\/\/multimattermeeting.pl\/wp-content\/uploads\/2026\/03\/779649b4-4905-4faf-ae48-97552ed96323-edited-1-1536x2048.jpg 1536w\" sizes=\"auto, (max-width: 767px) 89vw, (max-width: 1000px) 54vw, (max-width: 1071px) 543px, 580px\" \/><\/figure>\n<\/div>\n<\/div>\n\n\n\n<div class=\"wp-block-columns is-layout-flex wp-container-core-columns-is-layout-8 wp-block-columns-is-layout-flex\">\n<div class=\"wp-block-column is-layout-flow wp-block-column-is-layout-flow\">\n<p><strong>Prof. dr hab. Anna Matuszczak<\/strong><\/p>\n\n\n\n<p>Jest dyrektorem Instytutu Ekonomii, kierownikiem Katedry Makroekonomii i Gospodarki \u017bywno\u015bciowej w Uniwersytecie Ekonomicznym w Poznaniu. Jej dorobek naukowy to ponad 250 pozycji autorskich i wsp\u00f3\u0142autorskich zwi\u0105zanych z ekonomi\u0105 zr\u00f3wnowa\u017conego rozwoju, ekonomi\u0105 roln\u0105 oraz w zakresie wsp\u00f3lnej polityki rolnej, d\u00f3br publicznych, bud\u017cetowego finansowania sektora rolnego. Laureatka Nagrody Polskiego Towarzystwa Ekonomicznego im. prof. Edwarda Lipi\u0144skiego oraz Nagrody Naukowej Miasta Poznania przyznanej w 750-rocznic\u0119 lokacji Miasta, wielokrotnie nagrodzona indywidualnie i w zespole przez Rektora Uniwersytetu Ekonomicznego w Poznaniu. Cz\u0142onek Komisji Nadzoru Finansowego, tutor, wolontariusz, mama czw\u00f3rki \u015bwietnych dzieciak\u00f3w.<\/p>\n<\/div>\n\n\n\n<div class=\"wp-block-column is-layout-flow wp-block-column-is-layout-flow\">\n<figure class=\"wp-block-image size-full\"><img loading=\"lazy\" decoding=\"async\" width=\"622\" height=\"933\" src=\"https:\/\/multimattermeeting.pl\/wp-content\/uploads\/2026\/03\/Zrzut-ekranu-2026-03-08-195052.png\" alt=\"\" class=\"wp-image-300\" srcset=\"https:\/\/multimattermeeting.pl\/wp-content\/uploads\/2026\/03\/Zrzut-ekranu-2026-03-08-195052.png 622w, https:\/\/multimattermeeting.pl\/wp-content\/uploads\/2026\/03\/Zrzut-ekranu-2026-03-08-195052-200x300.png 200w\" sizes=\"auto, (max-width: 622px) 100vw, 622px\" \/><\/figure>\n<\/div>\n<\/div>\n\n\n\n<div class=\"wp-block-columns is-layout-flex wp-container-core-columns-is-layout-9 wp-block-columns-is-layout-flex\">\n<div class=\"wp-block-column is-layout-flow wp-block-column-is-layout-flow\">\n<p><strong>Przemys\u0142aw Maciak<\/strong><\/p>\n\n\n\n<p>Za\u0142o\u017cyciel SMM Legal, adwokat z ponad 20-letnim do\u015bwiadczeniem. Jako Partner Zarz\u0105dzaj\u0105cy kieruje departamentem procesowym i&nbsp;mediacyjnym oraz odpowiada za&nbsp;strategi\u0119&nbsp;biznesow\u0105 i marketingow\u0105. Doradza w&nbsp;sytuacjach kryzysowych zagra\u017caj\u0105cym strategicznym interesom Klient\u00f3w. Koordynuje reprezentacj\u0119 Klient\u00f3w w&nbsp;najpowa\u017cniejszych sprawach s\u0105dowych. Jego do\u015bwiadczenie procesowe obejmuje prowadzenie kilkudziesi\u0119ciu post\u0119powa\u0144 s\u0105dowych, w&nbsp;kt\u00f3rych warto\u015b\u0107 przedmiotu sporu przekracza\u0142a kilka milion\u00f3w z\u0142otych.&nbsp;&nbsp;Wielokrotnie otrzyma\u0142 indywidualne wyr\u00f3\u017cnienie w&nbsp;mi\u0119dzynarodowym rankingu prawniczym The Legal 500.&nbsp;<\/p>\n<\/div>\n\n\n\n<div class=\"wp-block-column is-layout-flow wp-block-column-is-layout-flow\">\n<figure class=\"wp-block-image size-large\"><img loading=\"lazy\" decoding=\"async\" width=\"1601\" height=\"2135\" src=\"https:\/\/multimattermeeting.pl\/wp-content\/uploads\/2026\/03\/Maciak-edited.jpg\" alt=\"\" class=\"wp-image-302\" srcset=\"https:\/\/multimattermeeting.pl\/wp-content\/uploads\/2026\/03\/Maciak-edited.jpg 1601w, https:\/\/multimattermeeting.pl\/wp-content\/uploads\/2026\/03\/Maciak-edited-225x300.jpg 225w, https:\/\/multimattermeeting.pl\/wp-content\/uploads\/2026\/03\/Maciak-edited-768x1024.jpg 768w, https:\/\/multimattermeeting.pl\/wp-content\/uploads\/2026\/03\/Maciak-edited-1152x1536.jpg 1152w, https:\/\/multimattermeeting.pl\/wp-content\/uploads\/2026\/03\/Maciak-edited-1536x2048.jpg 1536w\" sizes=\"auto, (max-width: 767px) 89vw, (max-width: 1000px) 54vw, (max-width: 1071px) 543px, 580px\" \/><\/figure>\n<\/div>\n<\/div>\n\n\n\n<div class=\"wp-block-columns is-layout-flex wp-container-core-columns-is-layout-10 wp-block-columns-is-layout-flex\">\n<div class=\"wp-block-column is-layout-flow wp-block-column-is-layout-flow\">\n<p><strong>dr Przemys\u0142aw Kieliszewski<\/strong><\/p>\n\n\n\n<p>Dyrektor Teatru Muzycznego w Poznaniu, prawnik z<br>wykszta\u0142ceniem muzycznym, doktor nauk humanistycznych w zakresie polityki<br>kulturalnej. Absolwent prawa na Uniwersytecie im. A. Mickiewicza w Poznaniu i<br>studi\u00f3w MBA, stypendysta G.F.P.S. na Georg-August-Universit\u00e4t w<br>Getyndze.&nbsp;Prowadzi wyk\u0142ady dla student\u00f3w Kulturoznawstwa i Wiedzy o Teatrze<br>UAM, jest autorem wielu publikacji z zakresu zarz\u0105dzania kultur\u0105 i polityki kulturalnej.<br>Mened\u017cer artyst\u00f3w oraz zespo\u0142\u00f3w w Polsce i za granic\u0105, organizator i producent<br>kilkuset koncert\u00f3w i przedstawie\u0144, dyrektor wa\u017cnych festiwali muzycznych: m.in.<br>Akademii Gitary i Paderewski Festival.<br>Od 2013 roku, kiedy obj\u0105\u0142 stanowisko dyrektora Teatru Muzycznego w Poznaniu, z<br>powodzeniem zmieni\u0142 jego profil repertuarowy, przekszta\u0142caj\u0105c w jedn\u0105 z<br>najwa\u017cniejszych scen musicalowych w Polsce. Doprowadzi\u0142 do decyzji o budowie<br>nowej siedziby Teatru, kt\u00f3ra rozpocznie si\u0119 w tym roku.<\/p>\n<\/div>\n\n\n\n<div class=\"wp-block-column is-layout-flow wp-block-column-is-layout-flow\">\n<figure class=\"wp-block-image size-full\"><img loading=\"lazy\" decoding=\"async\" width=\"440\" height=\"642\" src=\"https:\/\/multimattermeeting.pl\/wp-content\/uploads\/2026\/03\/Kieliszewski2.png\" alt=\"\" class=\"wp-image-303\" srcset=\"https:\/\/multimattermeeting.pl\/wp-content\/uploads\/2026\/03\/Kieliszewski2.png 440w, https:\/\/multimattermeeting.pl\/wp-content\/uploads\/2026\/03\/Kieliszewski2-206x300.png 206w\" sizes=\"auto, (max-width: 440px) 100vw, 440px\" \/><\/figure>\n<\/div>\n<\/div>\n\n\n\n<div class=\"wp-block-columns is-layout-flex wp-container-core-columns-is-layout-11 wp-block-columns-is-layout-flex\">\n<div class=\"wp-block-column is-layout-flow wp-block-column-is-layout-flow\">\n<p><strong>dr in\u017c. Ma\u0142gorzata Krokowska-Paluszak<\/strong><\/p>\n\n\n\n<p>\u00a0Ekspertka komunikacji, unikalnie \u0142\u0105cz\u0105ca kompetencje doktora nauk le\u015bnych i magistra filologii polskiej. Specjalizuje si\u0119 w popularyzacji nauki oraz szkoleniach medialnych, wskazuj\u0105c badaczom, jak wyj\u015b\u0107 z &#8222;wie\u017cy z ko\u015bci s\u0142oniowej&#8221; i budowa\u0107 relacje z otoczeniem, jak przek\u0142ada\u0107 skomplikowane dane na j\u0119zyk zrozumia\u0142y i anga\u017cuj\u0105cy. Do\u015bwiadczenie budowane w Telewizji Polskiej oraz prowadzenie firmy go!LAS pozwala jej skutecznie dzia\u0142a\u0107 w obszarze komunikacji kryzysowej i spo\u0142ecznej oraz budowania wizerunku. Anga\u017cuje si\u0119 w nowoczesn\u0105 edukacj\u0119 le\u015bn\u0105, przekonana, \u017ce zrozumienie przyrody zaczyna si\u0119 od dobrej rozmowy i spaceru do lasu, a nie od wyk\u0142adu.<\/p>\n<\/div>\n\n\n\n<div class=\"wp-block-column is-layout-flow wp-block-column-is-layout-flow\">\n<figure class=\"wp-block-image size-full\"><img loading=\"lazy\" decoding=\"async\" width=\"1020\" height=\"764\" src=\"https:\/\/multimattermeeting.pl\/wp-content\/uploads\/2026\/03\/Zrzut-ekranu-2026-03-10-215037.png\" alt=\"\" class=\"wp-image-323\" srcset=\"https:\/\/multimattermeeting.pl\/wp-content\/uploads\/2026\/03\/Zrzut-ekranu-2026-03-10-215037.png 1020w, https:\/\/multimattermeeting.pl\/wp-content\/uploads\/2026\/03\/Zrzut-ekranu-2026-03-10-215037-300x225.png 300w, https:\/\/multimattermeeting.pl\/wp-content\/uploads\/2026\/03\/Zrzut-ekranu-2026-03-10-215037-768x575.png 768w\" sizes=\"auto, (max-width: 767px) 89vw, (max-width: 1000px) 54vw, (max-width: 1071px) 543px, 580px\" \/><\/figure>\n\n\n\n<figure class=\"wp-block-image size-full\"><img loading=\"lazy\" decoding=\"async\" width=\"1015\" height=\"762\" src=\"https:\/\/multimattermeeting.pl\/wp-content\/uploads\/2026\/03\/Zrzut-ekranu-2026-03-10-215420.png\" alt=\"\" class=\"wp-image-326\" srcset=\"https:\/\/multimattermeeting.pl\/wp-content\/uploads\/2026\/03\/Zrzut-ekranu-2026-03-10-215420.png 1015w, https:\/\/multimattermeeting.pl\/wp-content\/uploads\/2026\/03\/Zrzut-ekranu-2026-03-10-215420-300x225.png 300w, https:\/\/multimattermeeting.pl\/wp-content\/uploads\/2026\/03\/Zrzut-ekranu-2026-03-10-215420-768x577.png 768w\" sizes=\"auto, (max-width: 767px) 89vw, (max-width: 1000px) 54vw, (max-width: 1071px) 543px, 580px\" \/><\/figure>\n<\/div>\n<\/div>\n\n\n\n<div class=\"wp-block-columns is-layout-flex wp-container-core-columns-is-layout-12 wp-block-columns-is-layout-flex\">\n<div class=\"wp-block-column is-layout-flow wp-block-column-is-layout-flow\">\n<p><strong>dr Monika A. Koperska<\/strong>\u00a0<\/p>\n\n\n\n<p>Chemik, popularyzatorka nauki i specjalistka ds. konserwacji, \u0142\u0105cz\u0105ca ochron\u0119 dziedzictwa z nowoczesn\u0105 wiedz\u0105 o materia\u0142ach. Do\u015bwiadczenie zdobywa\u0142a m.in. na Uniwersytecie Warszawskim, Uniwersytecie Jagiello\u0144skim i w Narodowym Centrum Bada\u0144 J\u0105drowych. Jest autork\u0105 kurs\u00f3w z komunikacji naukowej i prowadzi zaj\u0119cia na Wydziale Psychologii Uniwersytetu Warszawskiego. Szerszej publiczno\u015bci znana jest z program\u00f3w telewizyjnych o nauce, a rozg\u0142os zdoby\u0142a jako laureatka FameLab Polska i zwyci\u0119\u017cczyni 2 miejsca mi\u0119dzynarodowego FameLab. Wsp\u00f3\u0142za\u0142o\u017cycielka Stowarzyszenia Rzecznicy Nauki oraz Fundacji SMArt, dzia\u0142aj\u0105cej na styku nauki, telewizji i sztuki.<\/p>\n<\/div>\n\n\n\n<div class=\"wp-block-column is-layout-flow wp-block-column-is-layout-flow\">\n<figure class=\"wp-block-image size-full\"><img loading=\"lazy\" decoding=\"async\" width=\"1019\" height=\"764\" src=\"https:\/\/multimattermeeting.pl\/wp-content\/uploads\/2026\/03\/Zrzut-ekranu-2026-03-10-215130.png\" alt=\"\" class=\"wp-image-324\" srcset=\"https:\/\/multimattermeeting.pl\/wp-content\/uploads\/2026\/03\/Zrzut-ekranu-2026-03-10-215130.png 1019w, https:\/\/multimattermeeting.pl\/wp-content\/uploads\/2026\/03\/Zrzut-ekranu-2026-03-10-215130-300x225.png 300w, https:\/\/multimattermeeting.pl\/wp-content\/uploads\/2026\/03\/Zrzut-ekranu-2026-03-10-215130-768x576.png 768w\" sizes=\"auto, (max-width: 767px) 89vw, (max-width: 1000px) 54vw, (max-width: 1071px) 543px, 580px\" \/><\/figure>\n<\/div>\n<\/div>\n\n\n\n<div class=\"wp-block-columns is-layout-flex wp-container-core-columns-is-layout-13 wp-block-columns-is-layout-flex\">\n<div class=\"wp-block-column is-layout-flow wp-block-column-is-layout-flow\">\n<p>Micha\u0142 Ku\u017amiak <\/p>\n\n\n\n<p>46 lat, Absolwent LO \u015bw. Marii Magdaleny (1993-1997), przedsi\u0119biorca od 18 lat, wsp\u00f3lnik w BIMs PLUS FHH sp. z o. o.         Na co dzie\u0144 zarz\u0105dza grup\u0105 firm z roczn\u0105 sprzeda\u017c\u0105 na poziomie 350 mln z\u0142, zatrudniaj\u0105cych ponad 250 os\u00f3b.<\/p>\n\n\n\n<p>Jestem osob\u0105 kreatywn\u0105, na co dzie\u0144 pracuj\u0105c\u0105 z lud\u017ami. Uwa\u017cam, \u017ce nie ma rzeczy niemo\u017cliwych. W \u017cyciu zawodowym i prywatnym ceni\u0119 sobie bycie sob\u0105 ponad autoreklam\u0119.<\/p>\n<\/div>\n\n\n\n<div class=\"wp-block-column is-layout-flow wp-block-column-is-layout-flow\">\n<figure class=\"wp-block-image size-large\"><img loading=\"lazy\" decoding=\"async\" width=\"768\" height=\"1024\" src=\"https:\/\/multimattermeeting.pl\/wp-content\/uploads\/2026\/03\/IMG_3151-768x1024.jpeg\" alt=\"\" class=\"wp-image-328\" srcset=\"https:\/\/multimattermeeting.pl\/wp-content\/uploads\/2026\/03\/IMG_3151-768x1024.jpeg 768w, https:\/\/multimattermeeting.pl\/wp-content\/uploads\/2026\/03\/IMG_3151-225x300.jpeg 225w, https:\/\/multimattermeeting.pl\/wp-content\/uploads\/2026\/03\/IMG_3151-1152x1536.jpeg 1152w, https:\/\/multimattermeeting.pl\/wp-content\/uploads\/2026\/03\/IMG_3151-1536x2048.jpeg 1536w, https:\/\/multimattermeeting.pl\/wp-content\/uploads\/2026\/03\/IMG_3151.jpeg 1844w\" sizes=\"auto, (max-width: 767px) 89vw, (max-width: 1000px) 54vw, (max-width: 1071px) 543px, 580px\" \/><\/figure>\n<\/div>\n<\/div>\n\n\n\n<div class=\"wp-block-columns is-layout-flex wp-container-core-columns-is-layout-14 wp-block-columns-is-layout-flex\">\n<div class=\"wp-block-column is-layout-flow wp-block-column-is-layout-flow\">\n<p><strong>Arkadiusz Helsner<\/strong><\/p>\n\n\n\n<p>Zawodnik, mi\u0119dzynarodowy s\u0119dzia wakeboardowy najwy\u017cszej rangi oraz organizator wydarze\u0144 sportowych. Cz\u0142onek Europejskiej Rady Cable Wakeboard i reprezentant Europy w \u015awiatowej Radzie Cable Wakeboard. Od lat zwi\u0105zany z mi\u0119dzynarodowym \u015brodowiskiem wakeboardowym &#8211; s\u0119dziowa\u0142 najwa\u017cniejsze zawody w Europie i na \u015bwiecie, w tym Mistrzostwa Europy i Mistrzostwa \u015awiata. <\/p>\n\n\n\n<p>Z wykszta\u0142cenia marketer z ponad 20-letnim do\u015bwiadczeniem zawodowym. Wsp\u00f3\u0142tw\u00f3rca projektu WAKE STATE, kt\u00f3ry \u0142\u0105czy sport, podr\u00f3\u017ce i styl \u017cycia, organizuj\u0105c kameralne wyjazdy wakeboardowe i lifestylowe w wyj\u0105tkowych miejscach na \u015bwiecie. W swojej dzia\u0142alno\u015bci pokazuje, \u017ce pasja, konsekwencja i odwaga w podejmowaniu decyzji potrafi\u0105 prowadzi\u0107 do niezwyk\u0142ych rzeczy.<\/p>\n<\/div>\n\n\n\n<div class=\"wp-block-column is-layout-flow wp-block-column-is-layout-flow\">\n<figure class=\"wp-block-image size-full\"><img loading=\"lazy\" decoding=\"async\" width=\"800\" height=\"800\" src=\"https:\/\/multimattermeeting.pl\/wp-content\/uploads\/2026\/03\/Arkadiusz-Helsner-POL.jpg\" alt=\"\" class=\"wp-image-317\" srcset=\"https:\/\/multimattermeeting.pl\/wp-content\/uploads\/2026\/03\/Arkadiusz-Helsner-POL.jpg 800w, https:\/\/multimattermeeting.pl\/wp-content\/uploads\/2026\/03\/Arkadiusz-Helsner-POL-300x300.jpg 300w, https:\/\/multimattermeeting.pl\/wp-content\/uploads\/2026\/03\/Arkadiusz-Helsner-POL-150x150.jpg 150w, https:\/\/multimattermeeting.pl\/wp-content\/uploads\/2026\/03\/Arkadiusz-Helsner-POL-768x768.jpg 768w, https:\/\/multimattermeeting.pl\/wp-content\/uploads\/2026\/03\/Arkadiusz-Helsner-POL-100x100.jpg 100w\" sizes=\"auto, (max-width: 767px) 89vw, (max-width: 1000px) 54vw, (max-width: 1071px) 543px, 580px\" \/><\/figure>\n<\/div>\n<\/div>\n\n\n\n<div class=\"wp-block-columns is-layout-flex wp-container-core-columns-is-layout-15 wp-block-columns-is-layout-flex\">\n<div class=\"wp-block-column is-layout-flow wp-block-column-is-layout-flow\">\n<p><strong>Karina Plejer<\/strong><\/p>\n\n\n\n<p>Prezeska&nbsp;Wielkopolskiego Klubu Kapita\u0142u&nbsp;&#8211; elitarnej organizacji zrzeszaj\u0105cej przedsi\u0119biorc\u00f3w.<\/p>\n\n\n\n<p>Absolwentka LO \u015bw. Marii Magdaleny oraz Wydzia\u0142u Prawa i Administracji Uniwersytetu im. Adama Mickiewicza w Poznaniu na kierunku Zarz\u0105dzanie i Marketing.<\/p>\n\n\n\n<p>Od ponad 20 lat wsp\u00f3\u0142pracuje z przedsi\u0119biorcami wspieraj\u0105c ich w rozwoju na rynku krajowym i zagranicznym. Na co dzie\u0144 wsp\u00f3\u0142tworzy i realizuje strategi\u0119 dzia\u0142ania Wielkopolskiego Klubu Kapita\u0142u, kt\u00f3ry od ponad 33 lat stanowi platform\u0119 wsp\u00f3\u0142pracy, wymiany do\u015bwiadcze\u0144 i promocji wielkopolskich przedsi\u0119biorstw, integruj\u0105c \u015brodowisko biznesowe wok\u00f3\u0142 wsp\u00f3lnych cel\u00f3w i inicjatyw.<\/p>\n<\/div>\n\n\n\n<div class=\"wp-block-column is-layout-flow wp-block-column-is-layout-flow\">\n<figure class=\"wp-block-image size-full\"><img loading=\"lazy\" decoding=\"async\" width=\"621\" height=\"932\" src=\"https:\/\/multimattermeeting.pl\/wp-content\/uploads\/2026\/03\/Zrzut-ekranu-2026-03-08-195632.png\" alt=\"\" class=\"wp-image-305\" srcset=\"https:\/\/multimattermeeting.pl\/wp-content\/uploads\/2026\/03\/Zrzut-ekranu-2026-03-08-195632.png 621w, https:\/\/multimattermeeting.pl\/wp-content\/uploads\/2026\/03\/Zrzut-ekranu-2026-03-08-195632-200x300.png 200w\" sizes=\"auto, (max-width: 621px) 100vw, 621px\" \/><\/figure>\n<\/div>\n<\/div>\n\n\n\n<div class=\"wp-block-columns is-layout-flex wp-container-core-columns-is-layout-16 wp-block-columns-is-layout-flex\">\n<div class=\"wp-block-column is-layout-flow wp-block-column-is-layout-flow\">\n<p><strong>Natalia Urba\u0144ska-Guss<\/strong><\/p>\n\n\n\n<p>Ekspert w dziedzinie marketingu, zarz\u0105dzania projektami i rozwoju biznesu.<\/p>\n\n\n\n<p>Obecnie pe\u0142ni funkcj\u0119 Wiceprezeski Zarz\u0105du Fundacji In_Spire (fundacja Mi\u0119dzynarodowych Targ\u00f3w Pozna\u0144skich), gdzie anga\u017cuje si\u0119 w projekty kulturalne, spo\u0142eczne na rzecz dzieci, zw\u0142aszcza maj\u0105cych utrudniony dost\u0119p do ofert rozwojowych, a tak\u017ce na rzecz senior\u00f3w. Jest tak\u017ce Dyrektorem projektu Pozna\u0144 CityLab, inicjatywy Miasta Poznania skupionej na innowacjach, wsp\u00f3\u0142pracy ekosystemowej (samorz\u0105d \u2013 biznes &#8211; nauka) i wdra\u017caniu rozwi\u0105za\u0144 smart city.<\/p>\n\n\n\n<p>Prywatnie mama studenta oraz tegorocznego maturzysty:)<\/p>\n<\/div>\n\n\n\n<div class=\"wp-block-column is-layout-flow wp-block-column-is-layout-flow\">\n<figure class=\"wp-block-image size-large\"><img loading=\"lazy\" decoding=\"async\" width=\"1501\" height=\"2000\" src=\"https:\/\/multimattermeeting.pl\/wp-content\/uploads\/2026\/03\/2025-04-24_PCL_FOTOBUENO_1558_Urbanska-Guss-Natalia-edited.jpg\" alt=\"\" class=\"wp-image-307\" srcset=\"https:\/\/multimattermeeting.pl\/wp-content\/uploads\/2026\/03\/2025-04-24_PCL_FOTOBUENO_1558_Urbanska-Guss-Natalia-edited.jpg 1501w, https:\/\/multimattermeeting.pl\/wp-content\/uploads\/2026\/03\/2025-04-24_PCL_FOTOBUENO_1558_Urbanska-Guss-Natalia-edited-225x300.jpg 225w, https:\/\/multimattermeeting.pl\/wp-content\/uploads\/2026\/03\/2025-04-24_PCL_FOTOBUENO_1558_Urbanska-Guss-Natalia-edited-769x1024.jpg 769w, https:\/\/multimattermeeting.pl\/wp-content\/uploads\/2026\/03\/2025-04-24_PCL_FOTOBUENO_1558_Urbanska-Guss-Natalia-edited-768x1023.jpg 768w, https:\/\/multimattermeeting.pl\/wp-content\/uploads\/2026\/03\/2025-04-24_PCL_FOTOBUENO_1558_Urbanska-Guss-Natalia-edited-1153x1536.jpg 1153w\" sizes=\"auto, (max-width: 767px) 89vw, (max-width: 1000px) 54vw, (max-width: 1071px) 543px, 580px\" \/><\/figure>\n<\/div>\n<\/div>\n\n\n\n<p><\/p>\n","protected":false},"excerpt":{"rendered":"<p>Oto przegl\u0105d go\u015bci, kt\u00f3rych b\u0119dzie mo\u017cna spotka\u0107 w strefie wyk\u0142ad\u00f3w: Hubert Niedzielski PR Manager marki Audi w Polsce. Odpowiedzialny przede wszystkim za koordynacj\u0119 wsp\u00f3\u0142pracy Audi z mediami oraz realizacj\u0119 strategii PR marki w obszarze polityki informacyjnej. Odpowiada\u0142 za dzia\u0142ania public relations tak\u017ce dla innych marek Volkswagen Group Polska: Porsche, Volkswagen czy Skoda. Wcze\u015bniej pracowa\u0142 m.in. &hellip; <\/p>\n<p class=\"link-more\"><a href=\"https:\/\/multimattermeeting.pl\/?page_id=38\" class=\"more-link\">Czytaj dalej<span class=\"screen-reader-text\"> \u201eWyk\u0142ady\u201d<\/span><\/a><\/p>\n","protected":false},"author":1,"featured_media":0,"parent":0,"menu_order":0,"comment_status":"closed","ping_status":"closed","template":"","meta":{"footnotes":""},"class_list":["post-38","page","type-page","status-publish","hentry"],"_links":{"self":[{"href":"https:\/\/multimattermeeting.pl\/index.php?rest_route=\/wp\/v2\/pages\/38","targetHints":{"allow":["GET"]}}],"collection":[{"href":"https:\/\/multimattermeeting.pl\/index.php?rest_route=\/wp\/v2\/pages"}],"about":[{"href":"https:\/\/multimattermeeting.pl\/index.php?rest_route=\/wp\/v2\/types\/page"}],"author":[{"embeddable":true,"href":"https:\/\/multimattermeeting.pl\/index.php?rest_route=\/wp\/v2\/users\/1"}],"replies":[{"embeddable":true,"href":"https:\/\/multimattermeeting.pl\/index.php?rest_route=%2Fwp%2Fv2%2Fcomments&post=38"}],"version-history":[{"count":28,"href":"https:\/\/multimattermeeting.pl\/index.php?rest_route=\/wp\/v2\/pages\/38\/revisions"}],"predecessor-version":[{"id":329,"href":"https:\/\/multimattermeeting.pl\/index.php?rest_route=\/wp\/v2\/pages\/38\/revisions\/329"}],"wp:attachment":[{"href":"https:\/\/multimattermeeting.pl\/index.php?rest_route=%2Fwp%2Fv2%2Fmedia&parent=38"}],"curies":[{"name":"wp","href":"https:\/\/api.w.org\/{rel}","templated":true}]}}